{"id":78,"date":"2017-05-09T10:21:31","date_gmt":"2017-05-09T08:21:31","guid":{"rendered":"http:\/\/fm2018.lyre-paroissiale-surpierre.ch\/?page_id=78"},"modified":"2018-03-25T20:48:28","modified_gmt":"2018-03-25T18:48:28","slug":"benevoles","status":"publish","type":"page","link":"http:\/\/fm2018.lyre-paroissiale-surpierre.ch\/?page_id=78","title":{"rendered":"B\u00e9n\u00e9voles"},"content":{"rendered":"<h1>B\u00e9n\u00e9voles<\/h1>\n<p>Vous souhaitez \u00eatre b\u00e9n\u00e9vole ? Merci de bien vouloir remplir le formulaire d&rsquo;inscription et de le renvoyer \u00e0 <a href=\"mailto:personnel@surpierre2018.ch\">personnel@surpierre2018.ch<\/a><\/p>\n<p>Souper de remerciement le samedi 6 octobre<\/p>\n<p><a href=\"http:\/\/fm2018.lyre-paroissiale-surpierre.ch\/wp-content\/uploads\/2017\/05\/Formulaire-inscription-turquoise.pdf\" target=\"_blank\" rel=\"noopener\"><img decoding=\"async\" src=\"http:\/\/fm2018.lyre-paroissiale-surpierre.ch\/wp-content\/uploads\/2017\/06\/Sans-titre-1.jpg\" \/> <\/a><a href=\"http:\/\/fm2018.lyre-paroissiale-surpierre.ch\/wp-content\/uploads\/2018\/01\/Formulaire-inscription-turquoise-1.pdf\">Formulaire inscription b\u00e9n\u00e9voles<\/a><\/p>\n","protected":false},"excerpt":{"rendered":"<p>B\u00e9n\u00e9voles Vous souhaitez \u00eatre b\u00e9n\u00e9vole ? Merci de bien vouloir remplir le formulaire d&rsquo;inscription et de le renvoyer \u00e0 personnel@surpierre2018.ch Souper de remerciement le samedi 6 octobre Formulaire inscription b\u00e9n\u00e9voles<\/p>\n","protected":false},"author":4,"featured_media":0,"parent":0,"menu_order":0,"comment_status":"closed","ping_status":"closed","template":"","meta":{"ngg_post_thumbnail":0,"footnotes":""},"class_list":["post-78","page","type-page","status-publish","hentry"],"_links":{"self":[{"href":"http:\/\/fm2018.lyre-paroissiale-surpierre.ch\/index.php?rest_route=\/wp\/v2\/pages\/78","targetHints":{"allow":["GET"]}}],"collection":[{"href":"http:\/\/fm2018.lyre-paroissiale-surpierre.ch\/index.php?rest_route=\/wp\/v2\/pages"}],"about":[{"href":"http:\/\/fm2018.lyre-paroissiale-surpierre.ch\/index.php?rest_route=\/wp\/v2\/types\/page"}],"author":[{"embeddable":true,"href":"http:\/\/fm2018.lyre-paroissiale-surpierre.ch\/index.php?rest_route=\/wp\/v2\/users\/4"}],"replies":[{"embeddable":true,"href":"http:\/\/fm2018.lyre-paroissiale-surpierre.ch\/index.php?rest_route=%2Fwp%2Fv2%2Fcomments&post=78"}],"version-history":[{"count":11,"href":"http:\/\/fm2018.lyre-paroissiale-surpierre.ch\/index.php?rest_route=\/wp\/v2\/pages\/78\/revisions"}],"predecessor-version":[{"id":609,"href":"http:\/\/fm2018.lyre-paroissiale-surpierre.ch\/index.php?rest_route=\/wp\/v2\/pages\/78\/revisions\/609"}],"wp:attachment":[{"href":"http:\/\/fm2018.lyre-paroissiale-surpierre.ch\/index.php?rest_route=%2Fwp%2Fv2%2Fmedia&parent=78"}],"curies":[{"name":"wp","href":"https:\/\/api.w.org\/{rel}","templated":true}]}}